{"id":1114,"date":"2026-03-04T13:09:41","date_gmt":"2026-03-04T12:09:41","guid":{"rendered":"https:\/\/www.cooperlic.be\/?page_id=1114"},"modified":"2026-03-30T10:44:52","modified_gmt":"2026-03-30T08:44:52","slug":"heron","status":"publish","type":"page","link":"https:\/\/www.cooperlic.be\/index.php\/heron\/","title":{"rendered":"Heron"},"content":{"rendered":"<h1>Projet en cours<\/h1>\n<h1>\n<p><b>Eolienne de H\u00e9ron<\/b><\/p>\n<\/h1>\n<div>\n<p><span>En collaboration avec Champs d&rsquo;\u00c9nergie er Hesb\u2019\u00e9nergie, deux coop\u00e9ratives citoyennes, nous d\u00e9veloppons depuis 2023 un projet d\u2019une <\/span><b>\u00e9olienne 100% citoyenne<\/b><span>.\u00a0<\/span><\/p>\n<p><span>Ce projet se compose d\u2019une \u00e9olienne d\u2019une hauteur totale maximum de 200 m. Elle produira environ 9.900 MWh par an, ce qui correspond \u00e0 la consommation moyenne annuelle d\u2019environ 2.800 m\u00e9nages wallons. Il se situe entre les villages de Couthuin, H\u00e9ron et Lavoir. Le site choisi pr\u00e9sente de nombreux atouts propices au d\u00e9veloppement \u00e9olien :<\/span><\/p>\n<ul>\n<li aria-level=\"1\"><span>Un bon potentiel venteux<\/span><\/li>\n<li aria-level=\"1\">\u00c0 <span>bonne distance des zones d\u2019habitat<\/span><\/li>\n<li aria-level=\"1\"><span>Une bonne accessibilit\u00e9 du site<\/span><\/li>\n<li aria-level=\"1\"><span>En prolongation d\u2019un parc existant (le long d\u2019une autoroute)<\/span><\/li>\n<\/ul>\n<p><span>Apr\u00e8s la r\u00e9union d\u2019information pr\u00e9alable de<\/span> <span>janvier 2025 et l\u2019\u00e9tude d\u2019incidences sur l&rsquo;environnement, nous approchons une \u00e9tape cruciale du d\u00e9veloppement du projet: <\/span><b>la demande de permis<\/b><span>. L\u2019enqu\u00eate publique se tiendra <\/span><b>du 17 mars au 15 avril 2026<\/b><span> sur les communes de H\u00e9ron, Fernelmont, Andenne, Burdinne, Huy, et Wanze, et nous aurons besoin de vous pour obtenir un avis favorable !<\/span><\/p>\n<\/div>\n<p><img decoding=\"async\" src=\"\/wp-content\/uploads\/2024\/06\/juprelle2-scaled.jpg\" alt=\"\"><br \/>\n<img decoding=\"async\" src=\"\/wp-content\/uploads\/2026\/02\/heron_chiffres-2.png\" alt=\"\"><br \/>\n<img decoding=\"async\" src=\"\/wp-content\/uploads\/2026\/02\/heron_plan.png\" alt=\"\"><\/p>\n<ul>\n<li>\n        <a href=\"https:\/\/www.youtube.com\/watch?v=Vo7gTzmm46g\">Voir la vid\u00e9o de la s\u00e9ance d&rsquo;information<\/a>\n    <\/li>\n<li>\n        <a href=\"https:\/\/cloud.rescoop-wallonie.be\/s\/ZCZxHz8HxZfCRK9\">T\u00e9lacharger le PowerPoint de cette s\u00e9ance d&rsquo;information<\/a>\n    <\/li>\n<\/ul>\n<p><!--more--><br \/>\n<!-- {\"type\":\"layout\",\"children\":[{\"name\":\"Ru00e9alisation\",\"type\":\"section\",\"props\":{\"image_position\":\"center-center\",\"padding\":\"large\",\"style\":\"secondary\",\"title_breakpoint\":\"xl\",\"title_position\":\"top-left\",\"title_rotation\":\"left\",\"vertical_align\":\"\",\"width\":\"xlarge\"},\"children\":[{\"type\":\"row\",\"children\":[{\"type\":\"column\",\"props\":{\"image_position\":\"center-center\",\"position_sticky_breakpoint\":\"m\"},\"children\":[{\"type\":\"headline\",\"props\":{\"content\":\"Projet en cours\",\"text_align\":\"left\",\"title_color\":\"success\",\"title_decoration\":\"bullet\",\"title_element\":\"h1\"}}]}]},{\"type\":\"row\",\"children\":[{\"type\":\"column\",\"props\":{\"image_position\":\"center-center\",\"position_sticky_breakpoint\":\"m\",\"width_medium\":\"1-2\"},\"children\":[{\"type\":\"headline\",\"props\":{\"content\":\"\n\n<p><b>Eolienne de H\\u00e9ron<\\\/b><\\\/p>\",\"text_align\":\"left\",\"title_element\":\"h1\",\"title_font_family\":\"secondary\",\"title_style\":\"h3\"}},{\"type\":\"text\",\"props\":{\"block_align\":\"center\",\"column_breakpoint\":\"m\",\"content\":\"\n\n<p><span>En collaboration avec Champs d'\\u00c9nergie er Hesb\\u2019\\u00e9nergie, deux coop\\u00e9ratives citoyennes, nous d\\u00e9veloppons depuis 2023 un projet d\\u2019une <\\\/span><b>\\u00e9olienne 100% citoyenne<\\\/b><span>.\\u00a0<\\\/span><\\\/p>\\n\n\n<p><span>Ce projet se compose d\\u2019une \\u00e9olienne d\\u2019une hauteur totale maximum de 200 m. Elle produira environ 9.900 MWh par an, ce qui correspond \\u00e0 la consommation moyenne annuelle d\\u2019environ 2.800 m\\u00e9nages wallons. Il se situe entre les villages de Couthuin, H\\u00e9ron et Lavoir. Le site choisi pr\\u00e9sente de nombreux atouts propices au d\\u00e9veloppement \\u00e9olien :<\\\/span><\\\/p>\\n\n\n<ul>\\n\n\n<li aria-level=\\\"1\\\"><span>Un bon potentiel venteux<\\\/span><\\\/li>\\n\n\n<li aria-level=\\\"1\\\">\\u00c0 <span>bonne distance des zones d\\u2019habitat<\\\/span><\\\/li>\\n\n\n<li aria-level=\\\"1\\\"><span>Une bonne accessibilit\\u00e9 du site<\\\/span><\\\/li>\\n\n\n<li aria-level=\\\"1\\\"><span>En prolongation d\\u2019un parc existant (le long d\\u2019une autoroute)<\\\/span><\\\/li>\\n<\\\/ul>\\n\n\n<p><span>Apr\\u00e8s la r\\u00e9union d\\u2019information pr\\u00e9alable de<\\\/span> <span>janvier 2025 et l\\u2019\\u00e9tude d\\u2019incidences sur l'environnement, nous approchons une \\u00e9tape cruciale du d\\u00e9veloppement du projet: <\\\/span><b>la demande de permis<\\\/b><span>. L\\u2019enqu\\u00eate publique se tiendra <\\\/span><b>du 17 mars au 15 avril 2026<\\\/b><span> sur les communes de H\\u00e9ron, Fernelmont, Andenne, Burdinne, Huy, et Wanze, et nous aurons besoin de vous pour obtenir un avis favorable !<\\\/span><\\\/p>\",\"margin\":\"default\",\"maxwidth\":\"xlarge\",\"text_align\":\"left\"}}]},{\"type\":\"column\",\"props\":{\"image_position\":\"center-center\",\"position_sticky_breakpoint\":\"m\",\"width_medium\":\"1-2\"},\"children\":[{\"type\":\"image\",\"props\":{\"image\":\"wp-content\\\/uploads\\\/2024\\\/06\\\/juprelle2-scaled.jpg\",\"image_svg_color\":\"emphasis\",\"margin\":\"default\"}}]}],\"props\":{\"layout\":\"1-2,1-2\"}},{\"type\":\"row\",\"children\":[{\"type\":\"column\",\"props\":{\"image_position\":\"center-center\",\"position_sticky_breakpoint\":\"m\",\"width_medium\":\"1-2\"},\"children\":[{\"type\":\"image\",\"props\":{\"image\":\"wp-content\\\/uploads\\\/2026\\\/02\\\/heron_chiffres-2.png\",\"image_svg_color\":\"emphasis\",\"margin\":\"default\",\"text_align\":\"center\"}}]},{\"type\":\"column\",\"props\":{\"image_position\":\"center-center\",\"position_sticky_breakpoint\":\"m\",\"width_medium\":\"1-2\"},\"children\":[{\"type\":\"image\",\"props\":{\"image\":\"wp-content\\\/uploads\\\/2026\\\/02\\\/heron_plan.png\",\"image_svg_color\":\"emphasis\",\"margin\":\"default\"}}]}],\"props\":{\"layout\":\"1-2,1-2\"}},{\"type\":\"row\",\"children\":[{\"type\":\"column\",\"props\":{\"image_position\":\"center-center\",\"position_sticky_breakpoint\":\"m\"},\"children\":[{\"type\":\"button\",\"props\":{\"grid_column_gap\":\"small\",\"grid_row_gap\":\"small\",\"margin\":\"default\"},\"children\":[{\"type\":\"button_item\",\"props\":{\"button_style\":\"default\",\"content\":\"Voir la vid\\u00e9o de la s\\u00e9ance d'information\",\"icon_align\":\"left\",\"link\":\"https:\\\/\\\/www.youtube.com\\\/watch?v=Vo7gTzmm46g\"}},{\"type\":\"button_item\",\"props\":{\"button_style\":\"default\",\"content\":\"T\\u00e9lacharger le PowerPoint de cette s\\u00e9ance d'information\",\"icon_align\":\"left\",\"link\":\"https:\\\/\\\/cloud.rescoop-wallonie.be\\\/s\\\/ZCZxHz8HxZfCRK9\"}}]}]}]}]}],\"version\":\"4.4.6\"} --><\/p>\n","protected":false},"excerpt":{"rendered":"<p>Projet en cours Eolienne de H\u00e9ron En collaboration avec Champs d&rsquo;\u00c9nergie er Hesb\u2019\u00e9nergie, deux coop\u00e9ratives citoyennes, nous d\u00e9veloppons depuis 2023 un projet d\u2019une \u00e9olienne 100% citoyenne.\u00a0 Ce projet se compose d\u2019une \u00e9olienne d\u2019une hauteur totale maximum de 200 m. Elle produira environ 9.900 MWh par an, ce qui correspond \u00e0 la consommation moyenne annuelle d\u2019environ [&hellip;]<\/p>\n","protected":false},"author":3,"featured_media":0,"parent":0,"menu_order":0,"comment_status":"closed","ping_status":"closed","template":"","meta":{"footnotes":""},"class_list":["post-1114","page","type-page","status-publish","hentry"],"_links":{"self":[{"href":"https:\/\/www.cooperlic.be\/index.php\/wp-json\/wp\/v2\/pages\/1114","targetHints":{"allow":["GET"]}}],"collection":[{"href":"https:\/\/www.cooperlic.be\/index.php\/wp-json\/wp\/v2\/pages"}],"about":[{"href":"https:\/\/www.cooperlic.be\/index.php\/wp-json\/wp\/v2\/types\/page"}],"author":[{"embeddable":true,"href":"https:\/\/www.cooperlic.be\/index.php\/wp-json\/wp\/v2\/users\/3"}],"replies":[{"embeddable":true,"href":"https:\/\/www.cooperlic.be\/index.php\/wp-json\/wp\/v2\/comments?post=1114"}],"version-history":[{"count":8,"href":"https:\/\/www.cooperlic.be\/index.php\/wp-json\/wp\/v2\/pages\/1114\/revisions"}],"predecessor-version":[{"id":1139,"href":"https:\/\/www.cooperlic.be\/index.php\/wp-json\/wp\/v2\/pages\/1114\/revisions\/1139"}],"wp:attachment":[{"href":"https:\/\/www.cooperlic.be\/index.php\/wp-json\/wp\/v2\/media?parent=1114"}],"curies":[{"name":"wp","href":"https:\/\/api.w.org\/{rel}","templated":true}]}}