{"id":72,"date":"2023-08-30T15:07:08","date_gmt":"2023-08-30T13:07:08","guid":{"rendered":"http:\/\/test8899.cooperlic.be\/?page_id=72"},"modified":"2024-11-12T17:30:07","modified_gmt":"2024-11-12T16:30:07","slug":"producteur-denergie","status":"publish","type":"page","link":"https:\/\/www.cooperlic.be\/index.php\/nos-services\/producteur-denergie\/","title":{"rendered":"Producteur d&rsquo;\u00e9nergie citoyenne"},"content":{"rendered":"<p><img decoding=\"async\" src=\"\/wp-content\/uploads\/2023\/08\/photo27-2-scaled.jpg\" alt=\"\"><\/p>\n<div>Producteur d&rsquo;\u00e9nergie citoyenne<\/div>\n<p><img decoding=\"async\" src=\"\/wp-content\/uploads\/2023\/08\/photo13.jpg\" alt=\"\"><\/p>\n<div>\n<p><strong><span>La production, le partage et la vente d\u2019\u00e9nergie renouvelable <\/span><\/strong><span>sont les points de d\u00e9part de CoopERLiC Nous voulons vous permettre d\u2019avoir acc\u00e8s \u00e0 cette \u00e9nergie locale, verte et citoyenne et ainsi contribuer aux objectifs wallons de r\u00e9duction d\u2019\u00e9mission de CO2.<\/span><\/p>\n<\/div>\n<p><img decoding=\"async\" src=\"\/wp-content\/uploads\/2023\/08\/photo9.jpg\" alt=\"\"><\/p>\n<div>\n<p><span>CoopERLiC contribue \u00e0 la mise en place d\u2019<strong>\u00e9oliennes autour de Li\u00e8ge<\/strong>, en partenariat avec d\u2019autres coop\u00e9ratives d\u2019\u00e9nergie renouvelable citoyennes. <\/span><\/p>\n<p><span>Elle veut aussi faire pousser les <strong>panneaux photovolta\u00efques en ville<\/strong> : sur les toits des b\u00e2timents priv\u00e9s et publics.<\/span><\/p>\n<\/div>\n<p><img decoding=\"async\" src=\"\/wp-content\/uploads\/2023\/08\/photo28.jpg\" alt=\"\"><\/p>\n<div>\n<p><span>Enfin, d\u2019autres projets seront possibles comme le d\u00e9veloppement de <strong>centrales hydro\u00e9lectriques<\/strong> sur nos cours d\u2019eau ou la participation dans des <strong>centrales de biom\u00e9thanisation<\/strong> autour de Li\u00e8ge.<\/span><\/p>\n<\/div>\n<p><img decoding=\"async\" src=\"\/wp-content\/uploads\/2024\/06\/cociter.jpg\" alt=\"\"><\/p>\n<p>\n    <a href=\"\/index.php\/realisations\/\">Nos r\u00e9alisations<\/a>\n<\/p>\n<div>\n<p>\u00ab\u00a0Notre d\u00e9marche vise \u00e0 ce l&rsquo;\u00e9nergie que nous produisons participe au circuit court de l&rsquo;\u00e9nergie. C&rsquo;est pourquoi nous sommes devenus partenaires de Cociter.<\/p>\n<p>Qu&rsquo;est-ce que le circuit court de l&rsquo;\u00e9nergie ?<\/p>\n<p>Des citoyens investissent dans des moyens de production locaux et verts \u00e0 travers des coop\u00e9ratives comme la n\u00f4tre. Cette \u00e9nergie est vendue \u00e0 Cociter. Et Cociter fournit cette \u00e9nergie \u00e0 des citoyens ayant pris des parts dans des coop\u00e9ratives citoyennes.<\/p>\n<p>Si vous d\u00e9sirez en savoir plus : <a href=\"http:\/\/www.cociter.be\">www.cociter.be<\/a><\/p>\n<\/div>\n<div>\n<p><strong>Venez<\/strong><strong> voir ce qu&rsquo;on a d\u00e9j\u00e0 r\u00e9alis\u00e9 avec l&rsquo;aide de nos coop\u00e9rateurs et coop\u00e9ratrices<\/strong><\/p>\n<\/div>\n<p><img decoding=\"async\" src=\"\/wp-content\/uploads\/2023\/08\/icone9.png\" alt=\"\"><\/p>\n<h2>Envie d&rsquo;en savoir plus ?<\/h2>\n<ul>\n<li>\n        <a href=\"\/index.php\/page\/\">Contactez-nous<\/a>\n    <\/li>\n<li>\n        <a href=\"\/index.php\/faq\/\">FAQ<\/a>\n    <\/li>\n<\/ul>\n<p><img decoding=\"async\" src=\"\/wp-content\/uploads\/2023\/08\/icone7.png\" alt=\"\"><\/p>\n<p><!--more--><br \/>\n<!-- {\"type\":\"layout\",\"children\":[{\"type\":\"section\",\"props\":{\"header_transparent\":true,\"header_transparent_noplaceholder\":true,\"header_transparent_text_color\":\"dark\",\"image_position\":\"center-center\",\"overlap\":false,\"padding\":\"none\",\"style\":\"default\",\"title_breakpoint\":\"xl\",\"title_position\":\"top-left\",\"title_rotation\":\"left\",\"vertical_align\":\"\",\"width\":\"expand\"},\"children\":[{\"type\":\"row\",\"children\":[{\"type\":\"column\",\"props\":{\"image_position\":\"center-center\",\"position_sticky_breakpoint\":\"m\",\"width_medium\":\"1-1\"},\"children\":[{\"type\":\"image\",\"props\":{\"image\":\"wp-content\\\/uploads\\\/2023\\\/08\\\/photo27-2-scaled.jpg\",\"image_svg_color\":\"emphasis\",\"margin\":\"default\",\"text_align\":\"center\"}}]}]}],\"name\":\"Top\"},{\"type\":\"section\",\"props\":{\"image_position\":\"center-center\",\"padding\":\"large\",\"style\":\"default\",\"title_breakpoint\":\"xl\",\"title_position\":\"top-left\",\"title_rotation\":\"left\",\"vertical_align\":\"\",\"width\":\"default\"},\"children\":[{\"type\":\"row\",\"props\":{\"margin\":\"xlarge\"},\"children\":[{\"type\":\"column\",\"props\":{\"image_position\":\"center-center\",\"position_sticky_breakpoint\":\"m\",\"width_medium\":\"1-1\"},\"children\":[{\"type\":\"headline\",\"props\":{\"content\":\"Producteur d'\\u00e9nergie citoyenne\",\"margin\":\"default\",\"text_align\":\"center\",\"title_element\":\"div\",\"title_style\":\"h1\"}}]}]},{\"type\":\"row\",\"props\":{\"column_gap\":\"large\",\"layout\":\"1-2,1-2\",\"row_gap\":\"large\"},\"children\":[{\"type\":\"column\",\"props\":{\"image_position\":\"center-center\",\"position_sticky_breakpoint\":\"m\",\"vertical_align\":\"middle\",\"width_small\":\"1-2\"},\"children\":[{\"type\":\"image\",\"props\":{\"animation\":\"parallax\",\"image\":\"wp-content\\\/uploads\\\/2023\\\/08\\\/photo13.jpg\",\"image_svg_color\":\"emphasis\",\"image_width\":\"610\",\"margin\":\"default\",\"parallax_easing\":\"1\",\"parallax_y\":\"0,3vh\",\"text_align\":\"center\"}}]},{\"type\":\"column\",\"props\":{\"image_position\":\"center-center\",\"position_sticky_breakpoint\":\"m\",\"vertical_align\":\"middle\",\"width_small\":\"1-2\"},\"children\":[{\"type\":\"text\",\"props\":{\"block_align\":\"center\",\"column_breakpoint\":\"m\",\"content\":\"\n\n<p><strong><span>La production, le partage et la vente d\\u2019\\u00e9nergie renouvelable <\\\/span><\\\/strong><span>sont les points de d\\u00e9part de CoopERLiC Nous voulons vous permettre d\\u2019avoir acc\\u00e8s \\u00e0 cette \\u00e9nergie locale, verte et citoyenne et ainsi contribuer aux objectifs wallons de r\\u00e9duction d\\u2019\\u00e9mission de CO2.<\\\/span><\\\/p>\",\"margin\":\"medium\",\"maxwidth\":\"large\",\"maxwidth_breakpoint\":\"s\",\"text_align\":\"left\"}}]}]},{\"type\":\"row\",\"props\":{\"column_gap\":\"large\",\"layout\":\"1-2,1-2\",\"margin\":\"large\",\"row_gap\":\"large\"},\"children\":[{\"type\":\"column\",\"props\":{\"image_position\":\"center-center\",\"position_sticky_breakpoint\":\"m\",\"vertical_align\":\"middle\",\"width_small\":\"1-2\"},\"children\":[{\"type\":\"image\",\"props\":{\"animation\":\"parallax\",\"image\":\"wp-content\\\/uploads\\\/2023\\\/08\\\/photo9.jpg\",\"image_svg_color\":\"emphasis\",\"image_width\":\"620\",\"margin\":\"default\",\"parallax_easing\":\"1\",\"parallax_y\":\"0,3vh\",\"text_align\":\"center\"}}]},{\"type\":\"column\",\"props\":{\"image_position\":\"center-center\",\"order_first\":\"s\",\"position_sticky_breakpoint\":\"m\",\"vertical_align\":\"middle\",\"width_small\":\"1-2\"},\"children\":[{\"type\":\"text\",\"props\":{\"block_align\":\"center\",\"column_breakpoint\":\"m\",\"content\":\"\n\n<p><span>CoopERLiC contribue \\u00e0 la mise en place d\\u2019<strong>\\u00e9oliennes autour de Li\\u00e8ge<\\\/strong>, en partenariat avec d\\u2019autres coop\\u00e9ratives d\\u2019\\u00e9nergie renouvelable citoyennes. <\\\/span><\\\/p>\\n\n\n<p><span>Elle veut aussi faire pousser les <strong>panneaux photovolta\\u00efques en ville<\\\/strong> : sur les toits des b\\u00e2timents priv\\u00e9s et publics.<\\\/span><\\\/p>\",\"margin\":\"medium\",\"maxwidth\":\"large\",\"maxwidth_breakpoint\":\"s\",\"text_align\":\"left\"}}]}]},{\"type\":\"row\",\"props\":{\"column_gap\":\"large\",\"layout\":\"1-2,1-2\",\"row_gap\":\"large\"},\"children\":[{\"type\":\"column\",\"props\":{\"image_position\":\"center-center\",\"position_sticky_breakpoint\":\"m\",\"width_small\":\"1-2\"},\"children\":[{\"type\":\"image\",\"props\":{\"animation\":\"parallax\",\"image\":\"wp-content\\\/uploads\\\/2023\\\/08\\\/photo28.jpg\",\"image_svg_color\":\"emphasis\",\"image_width\":\"620\",\"margin\":\"default\",\"parallax_easing\":\"1\",\"parallax_y\":\"0,-3vh\",\"text_align\":\"center\"}}]},{\"type\":\"column\",\"props\":{\"image_position\":\"center-center\",\"position_sticky_breakpoint\":\"m\",\"vertical_align\":\"middle\",\"width_small\":\"1-2\"},\"children\":[{\"type\":\"text\",\"props\":{\"block_align\":\"center\",\"column_breakpoint\":\"m\",\"content\":\"\n\n<p><span>Enfin, d\\u2019autres projets seront possibles comme le d\\u00e9veloppement de <strong>centrales hydro\\u00e9lectriques<\\\/strong> sur nos cours d\\u2019eau ou la participation dans des <strong>centrales de biom\\u00e9thanisation<\\\/strong> autour de Li\\u00e8ge.<\\\/span><\\\/p>\",\"margin\":\"medium\",\"maxwidth\":\"large\",\"maxwidth_breakpoint\":\"s\",\"text_align\":\"left\"}}]}]},{\"type\":\"row\",\"props\":{\"column_gap\":\"large\",\"layout\":\"1-2,1-2\",\"margin\":\"large\",\"row_gap\":\"large\"},\"children\":[{\"type\":\"column\",\"props\":{\"image_position\":\"center-center\",\"position_sticky_breakpoint\":\"m\",\"vertical_align\":\"middle\",\"width_small\":\"1-2\"},\"children\":[{\"type\":\"image\",\"props\":{\"animation\":\"parallax\",\"image\":\"wp-content\\\/uploads\\\/2024\\\/06\\\/cociter.jpg\",\"image_svg_color\":\"emphasis\",\"image_width\":\"620\",\"margin\":\"default\",\"parallax_easing\":\"1\",\"parallax_y\":\"0,3vh\",\"text_align\":\"center\"}},{\"type\":\"button\",\"props\":{\"grid_column_gap\":\"small\",\"grid_row_gap\":\"small\",\"margin\":\"default\"},\"children\":[{\"type\":\"button_item\",\"props\":{\"button_style\":\"danger\",\"content\":\"Nos r\\u00e9alisations\",\"icon_align\":\"left\",\"link\":\"index.php\\\/realisations\\\/\"}}]}]},{\"type\":\"column\",\"props\":{\"image_position\":\"center-center\",\"order_first\":\"s\",\"position_sticky_breakpoint\":\"m\",\"vertical_align\":\"middle\",\"width_small\":\"1-2\"},\"children\":[{\"type\":\"text\",\"props\":{\"block_align\":\"center\",\"column_breakpoint\":\"m\",\"content\":\"\n\n<p>\\\"Notre d\\u00e9marche vise \\u00e0 ce l'\\u00e9nergie que nous produisons participe au circuit court de l'\\u00e9nergie. C'est pourquoi nous sommes devenus partenaires de Cociter.<\\\/p>\\n\n\n<p>Qu'est-ce que le circuit court de l'\\u00e9nergie ?<\\\/p>\\n\n\n<p>Des citoyens investissent dans des moyens de production locaux et verts \\u00e0 travers des coop\\u00e9ratives comme la n\\u00f4tre. Cette \\u00e9nergie est vendue \\u00e0 Cociter. Et Cociter fournit cette \\u00e9nergie \\u00e0 des citoyens ayant pris des parts dans des coop\\u00e9ratives citoyennes.<\\\/p>\\n\n\n<p>Si vous d\\u00e9sirez en savoir plus : <a href=\\\"http:\\\/\\\/www.cociter.be\\\">www.cociter.be<\\\/a><\\\/p>\",\"margin\":\"medium\",\"maxwidth\":\"large\",\"maxwidth_breakpoint\":\"s\",\"text_align\":\"left\"}},{\"type\":\"text\",\"props\":{\"column_breakpoint\":\"m\",\"content\":\"\n\n<p><strong>Venez<\\\/strong><strong> voir ce qu'on a d\\u00e9j\\u00e0 r\\u00e9alis\\u00e9 avec l'aide de nos coop\\u00e9rateurs et coop\\u00e9ratrices<\\\/strong><\\\/p>\",\"margin\":\"default\"}}]}]}],\"name\":\"About\"},{\"type\":\"section\",\"props\":{\"image_position\":\"center-center\",\"style\":\"default\",\"title_breakpoint\":\"xl\",\"title_position\":\"top-left\",\"title_rotation\":\"left\",\"vertical_align\":\"middle\",\"width\":\"default\"},\"children\":[{\"type\":\"row\",\"children\":[{\"type\":\"column\",\"props\":{\"image_position\":\"center-center\",\"position_sticky_breakpoint\":\"m\"}}]}]},{\"type\":\"section\",\"props\":{\"image_position\":\"center-center\",\"padding\":\"xlarge\",\"preserve_color\":false,\"style\":\"secondary\",\"title_breakpoint\":\"xl\",\"title_position\":\"top-left\",\"title_rotation\":\"left\",\"vertical_align\":\"\",\"width\":\"xlarge\"},\"children\":[{\"type\":\"row\",\"props\":{\"layout\":\"expand,large,expand\"},\"children\":[{\"type\":\"column\",\"props\":{\"image_position\":\"center-center\",\"position_sticky_breakpoint\":\"m\",\"vertical_align\":\"bottom\",\"width_medium\":\"expand\"},\"children\":[{\"type\":\"image\",\"props\":{\"animation\":\"parallax\",\"css\":\".el-image {\\n    min-width: 100px;\\n    max-width: 20vw;\\n}\",\"image\":\"wp-content\\\/uploads\\\/2023\\\/08\\\/icone9.png\",\"image_svg_color\":\"emphasis\",\"margin\":\"default\",\"parallax_easing\":\"1\",\"parallax_y\":\"-5vh,-10vh\",\"position\":\"absolute\",\"position_left\":\"-2vw\",\"position_top\":\"-8vh\",\"position_z_index\":\"0\",\"text_align\":\"right\",\"text_align_breakpoint\":\"m\",\"text_align_fallback\":\"left\"}}]},{\"type\":\"column\",\"props\":{\"image_position\":\"center-center\",\"position_sticky_breakpoint\":\"m\",\"width_medium\":\"2xlarge\"},\"children\":[{\"type\":\"headline\",\"props\":{\"content\":\"Envie d'en savoir plus ?\",\"position\":\"relative\",\"position_z_index\":\"1\",\"text_align\":\"center\",\"title_element\":\"h2\",\"title_style\":\"h3\"}},{\"type\":\"button\",\"props\":{\"button_size\":\"large\",\"grid_column_gap\":\"small\",\"grid_row_gap\":\"small\",\"margin\":\"\",\"position\":\"relative\",\"position_z_index\":\"1\",\"text_align\":\"center\"},\"children\":[{\"type\":\"button_item\",\"props\":{\"button_style\":\"secondary\",\"content\":\"Contactez-nous\",\"icon_align\":\"left\",\"link\":\"index.php\\\/page\\\/\"}},{\"type\":\"button_item\",\"props\":{\"button_style\":\"danger\",\"content\":\"FAQ\",\"icon_align\":\"left\",\"link\":\"index.php\\\/faq\\\/\"}}]}]},{\"type\":\"column\",\"props\":{\"image_position\":\"center-center\",\"position_sticky_breakpoint\":\"m\",\"width_medium\":\"expand\"},\"children\":[{\"type\":\"image\",\"props\":{\"animation\":\"parallax\",\"css\":\".el-image {\\n    min-width: 120px;\\n    max-width: 20vw;\\n}\",\"image\":\"wp-content\\\/uploads\\\/2023\\\/08\\\/icone7.png\",\"image_svg_color\":\"emphasis\",\"image_svg_inline\":false,\"margin\":\"default\",\"parallax_easing\":\"1\",\"parallax_y\":\"0,-8vh\",\"position\":\"absolute\",\"position_top\":\"-15vh\",\"position_z_index\":\"0\",\"text_align\":\"center\",\"text_align_breakpoint\":\"m\",\"text_align_fallback\":\"right\"}}]}]}],\"name\":\"Call to Action\"}],\"version\":\"4.4.6\"} --><\/p>\n","protected":false},"excerpt":{"rendered":"<p>Producteur d&rsquo;\u00e9nergie citoyenne La production, le partage et la vente d\u2019\u00e9nergie renouvelable sont les points de d\u00e9part de CoopERLiC Nous voulons vous permettre d\u2019avoir acc\u00e8s \u00e0 cette \u00e9nergie locale, verte et citoyenne et ainsi contribuer aux objectifs wallons de r\u00e9duction d\u2019\u00e9mission de CO2. CoopERLiC contribue \u00e0 la mise en place d\u2019\u00e9oliennes autour de Li\u00e8ge, en [&hellip;]<\/p>\n","protected":false},"author":4,"featured_media":0,"parent":66,"menu_order":2,"comment_status":"closed","ping_status":"closed","template":"","meta":{"footnotes":""},"class_list":["post-72","page","type-page","status-publish","hentry"],"_links":{"self":[{"href":"https:\/\/www.cooperlic.be\/index.php\/wp-json\/wp\/v2\/pages\/72","targetHints":{"allow":["GET"]}}],"collection":[{"href":"https:\/\/www.cooperlic.be\/index.php\/wp-json\/wp\/v2\/pages"}],"about":[{"href":"https:\/\/www.cooperlic.be\/index.php\/wp-json\/wp\/v2\/types\/page"}],"author":[{"embeddable":true,"href":"https:\/\/www.cooperlic.be\/index.php\/wp-json\/wp\/v2\/users\/4"}],"replies":[{"embeddable":true,"href":"https:\/\/www.cooperlic.be\/index.php\/wp-json\/wp\/v2\/comments?post=72"}],"version-history":[{"count":16,"href":"https:\/\/www.cooperlic.be\/index.php\/wp-json\/wp\/v2\/pages\/72\/revisions"}],"predecessor-version":[{"id":920,"href":"https:\/\/www.cooperlic.be\/index.php\/wp-json\/wp\/v2\/pages\/72\/revisions\/920"}],"up":[{"embeddable":true,"href":"https:\/\/www.cooperlic.be\/index.php\/wp-json\/wp\/v2\/pages\/66"}],"wp:attachment":[{"href":"https:\/\/www.cooperlic.be\/index.php\/wp-json\/wp\/v2\/media?parent=72"}],"curies":[{"name":"wp","href":"https:\/\/api.w.org\/{rel}","templated":true}]}}